{"id":2913,"date":"2015-11-26T02:45:41","date_gmt":"2015-11-26T02:45:41","guid":{"rendered":"http:\/\/dev.joomexp.com\/wordpress\/wp-organic2\/?page_id=7"},"modified":"2023-02-12T21:41:28","modified_gmt":"2023-02-12T21:41:28","slug":"about-us","status":"publish","type":"page","link":"https:\/\/modirjord.is\/en\/about-us\/","title":{"rendered":"ABOUT US"},"content":{"rendered":"<div class=\"wpb-content-wrapper\"><div data-vc-full-width=\"true\" data-vc-full-width-init=\"false\" class=\"vc_row wpb_row vc_row-fluid bg-left-bottom vc_custom_1466146515504 over_follow_initial background-images-overlay-fullwidth\"><div class=\"vc_column_wrapper clearfix\">\n\t<div class=\"vc_col-sm-12  wpb_column vc_column_container   list-none    text-align-none  text-rp-left\"><div class=\"vc_column-inner vc_custom_1466137808453\">\n\t\n\t\t<div class=\"wpb_wrapper\">\n\t\t\t\n\t<div  class=\"wpb_single_image wpb_content_element vc_align_center wpb_content_element\">\n\t\t\n\t\t<figure class=\"wpb_wrapper vc_figure\">\n\t\t\t<div class=\"vc_single_image-wrapper   vc_box_border_grey\"><img loading=\"lazy\" decoding=\"async\" width=\"300\" height=\"300\" src=\"https:\/\/modirjord.is\/wp-content\/uploads\/2020\/12\/modir-jord-logo-300x300.png\" class=\"vc_single_image-img attachment-medium\" alt=\"\" title=\"modir-jord-logo\" srcset=\"https:\/\/modirjord.is\/wp-content\/uploads\/2020\/12\/modir-jord-logo-300x300.png 300w, https:\/\/modirjord.is\/wp-content\/uploads\/2020\/12\/modir-jord-logo-100x100.png 100w, https:\/\/modirjord.is\/wp-content\/uploads\/2020\/12\/modir-jord-logo-600x600.png 600w, https:\/\/modirjord.is\/wp-content\/uploads\/2020\/12\/modir-jord-logo-150x150.png 150w, https:\/\/modirjord.is\/wp-content\/uploads\/2020\/12\/modir-jord-logo-768x768.png 768w, https:\/\/modirjord.is\/wp-content\/uploads\/2020\/12\/modir-jord-logo-360x360.png 360w, https:\/\/modirjord.is\/wp-content\/uploads\/2020\/12\/modir-jord-logo-624x624.png 624w, https:\/\/modirjord.is\/wp-content\/uploads\/2020\/12\/modir-jord-logo.png 965w\" sizes=\"(max-width: 300px) 100vw, 300px\" \/><\/div>\n\t\t<\/figure>\n\t<\/div>\n<p style=\"font-size: 20px;color: #450f02;line-height: 34PX;text-align: center;font-family:PT Sans;font-weight:400;font-style:italic\" class=\"vc_custom_heading vc_custom_1607338434609\"><span style=\"letter-spacing: 0em;\">M\u00f3\u00f0ir J\u00f6r\u00f0 is an inpedendent family owned organic farm and food producer.  We grow cereals and various types of vegetables, our product line is inspired by ingredients we grow or forage at our farm.  The Vallanes farm is open for visits from May - October.  Couple Eymundur Magn\u00fasson and Eygl\u00f3 Bj\u00f6rk \u00d3lafsd\u00f3ttir welcome guests to stay and visit the farms guesthouse and vegetarian caf\u00e9 open in the summer.<\/span><\/p>\n\t\t<\/div> \n\t<\/div> \n<\/div><\/div><\/div><div class=\"vc_row-full-width\"><\/div><div data-vc-full-width=\"true\" data-vc-full-width-init=\"false\" class=\"vc_row wpb_row vc_row-fluid bg-left-bottom vc_custom_1607343492740 column-same-height column-no-padding row-bg-overlay over_follow_initial background-images-overlay-fullwidth\"><div class=\"overlay-color\" style=\"background-color: #4a7729;opacity:50%;\"><\/div><div class=\"vc_column_wrapper clearfix\">\n\t<div class=\"vc_col-sm-2  wpb_column vc_column_container   list-none    text-align-none  text-rp-left\"><div class=\"vc_column-inner vc_custom_1607343482167\">\n\t\n\t\t<div class=\"wpb_wrapper\">\n\t\t\t\n\t\t<\/div> \n\t<\/div> \n<\/div>\n\t<div class=\"vc_col-sm-4  wpb_column vc_column_container   list-none    text-align-none  text-rp-left\"><div class=\"vc_column-inner vc_custom_1607343708187\">\n\t\n\t\t<div class=\"wpb_wrapper\">\n\t\t\t<div class=\"vc_empty_space\"   style=\"height: 32px\"><span class=\"vc_empty_space_inner\"><\/span><\/div><h2 style=\"font-size: 17px;color: #450f02;line-height: 34PX;text-align: left;font-family:PT Sans;font-weight:400;font-style:italic\" class=\"vc_custom_heading\"><span style=\"letter-spacing: 0em;\">ORGANIC FARMING<\/span><\/h2>\n\t<div class=\"wpb_text_column wpb_content_element\" >\n\t\t<div class=\"wpb_wrapper\">\n\t\t\t<p>M\u00f3\u00f0ir J\u00f6r\u00f0  specializes in growing grain, organic barley in particular. Barley has played a part in Icelandic culinary history ever since Iceland\u2019s settlement in the 9th century.  For a few centuries it was forgotten in Iceland, but it has recently started to make its way into Icelandic contemporary cuisine.  M\u00f3\u00f0ir J\u00f6r\u00f0 \u2013 Vallanes  is known for its pioneering role in Iceland in re-introducing barley for human consumption when Eymundur Magn\u00fasson started organic farming in 1985.  Together with his wife, Eygl\u00f3 Bj\u00f6rk \u00d3lafsd\u00f3ttir, they focus on growing grains and vegetables, and on producing specialty food products made from local, Icelandic ingredients.<br \/>\nM\u00f3\u00f0ir J\u00f6r\u00f0  is situated on a farm called Vallanes in beautiful east Iceland, near a glacial lake, midway between Egilssta\u00f0ir and Hallormssta\u00f0ur. This area is known for its forests and relatively mild climate. The fields around Vallanes have been shaped by the planting of over 1,000,000 trees, some of which make shelterbelts that protect the growing crops.<br \/>\nEverything grown and\/or produced in Vallanes is certified organic by the certification office TUN in Iceland.<\/p>\n\n\t\t<\/div>\n\t<\/div>\n<div class=\"vc_empty_space\"   style=\"height: 32px\"><span class=\"vc_empty_space_inner\"><\/span><\/div>\n\t\t<\/div> \n\t<\/div> \n<\/div>\n\t<div class=\"vc_col-sm-4  wpb_column vc_column_container   list-none    text-align-none  text-rp-left\"><div class=\"vc_column-inner vc_custom_1607343685047\">\n\t\n\t\t<div class=\"wpb_wrapper\">\n\t\t\t<div class=\"vc_empty_space\"   style=\"height: 32px\"><span class=\"vc_empty_space_inner\"><\/span><\/div><h2 style=\"font-size: 17px;color: #450f02;line-height: 34PX;text-align: left;font-family:PT Sans;font-weight:400;font-style:italic\" class=\"vc_custom_heading vc_custom_1607343730819\"><span style=\"letter-spacing: 0em;\">L\u00cdFR\u00c6NAR V\u00d6RUR<\/span><\/h2>\n\t<div class=\"wpb_text_column wpb_content_element\" >\n\t\t<div class=\"wpb_wrapper\">\n\t\t\t<p>Our products are available in shops and supermarkets in Iceland, and in our webshop.<\/p>\n<p>Our product categories are:<br \/>\n- Cereals (barley and wholewheat)<\/p>\n<p>Fresh vegetables and herbs<\/p>\n<p>- Rapeseed oil (vegetable oil)<\/p>\n<p>- Whole grain crisp bread<br \/>\n- Breakfast barley porridge, pancake mix and breadmix<\/p>\n<p>- Sweet pickled vegetables or chutneys, Brilliant Beetroot, Golden Turnip, Fennel delight, Curried Carrots<br \/>\n- Jams (berries and rhubarb)<br \/>\n- Fermented vegetables (krauts)<br \/>\n- Vegetarian burgers (suitable for vegans)<br \/>\n- Fresh pesto<br \/>\n- Herbal tea infusions<\/p>\n<p>- Massage oil, body and face oils<\/p>\n\n\t\t<\/div>\n\t<\/div>\n<div class=\"vc_empty_space\"   style=\"height: 32px\"><span class=\"vc_empty_space_inner\"><\/span><\/div>\n\t\t<\/div> \n\t<\/div> \n<\/div>\n\t<div class=\"vc_col-sm-2  wpb_column vc_column_container   list-none    text-align-none  text-rp-left\"><div class=\"vc_column-inner\">\n\t\n\t\t<div class=\"wpb_wrapper\">\n\t\t\t\n\t\t<\/div> \n\t<\/div> \n<\/div><\/div><\/div><div class=\"vc_row-full-width\"><\/div><div class=\"vc_row wpb_row vc_row-fluid no-overlay custom-row-image-left\"><div class=\"vc_column_wrapper clearfix\">\n\t<div class=\"vc_col-sm-12  wpb_column vc_column_container   list-none    text-align-none  text-rp-left\"><div class=\"vc_column-inner\">\n\t\n\t\t<div class=\"wpb_wrapper\">\n\t\t\t<div class=\"vc_empty_space\"   style=\"height: 50px\"><span class=\"vc_empty_space_inner\"><\/span><\/div>\n\t<div  class=\"wpb_single_image wpb_content_element vc_align_center wpb_content_element\">\n\t\t\n\t\t<figure class=\"wpb_wrapper vc_figure\">\n\t\t\t<div class=\"vc_single_image-wrapper   vc_box_border_grey\"><img loading=\"lazy\" decoding=\"async\" width=\"2000\" height=\"800\" src=\"https:\/\/modirjord.is\/wp-content\/uploads\/2020\/12\/33-1.jpg\" class=\"vc_single_image-img attachment-full\" alt=\"\" title=\"33\" srcset=\"https:\/\/modirjord.is\/wp-content\/uploads\/2020\/12\/33-1.jpg 2000w, https:\/\/modirjord.is\/wp-content\/uploads\/2020\/12\/33-1-300x120.jpg 300w, https:\/\/modirjord.is\/wp-content\/uploads\/2020\/12\/33-1-600x240.jpg 600w, https:\/\/modirjord.is\/wp-content\/uploads\/2020\/12\/33-1-1024x410.jpg 1024w, https:\/\/modirjord.is\/wp-content\/uploads\/2020\/12\/33-1-768x307.jpg 768w, https:\/\/modirjord.is\/wp-content\/uploads\/2020\/12\/33-1-1536x614.jpg 1536w, https:\/\/modirjord.is\/wp-content\/uploads\/2020\/12\/33-1-16x6.jpg 16w, https:\/\/modirjord.is\/wp-content\/uploads\/2020\/12\/33-1-624x250.jpg 624w\" sizes=\"(max-width: 2000px) 100vw, 2000px\" \/><\/div>\n\t\t<\/figure>\n\t<\/div>\n\n\t\t<\/div> \n\t<\/div> \n<\/div><\/div><\/div><div class=\"vc_row wpb_row vc_row-fluid no-overlay custom-row-image-left\"><div class=\"vc_column_wrapper clearfix\">\n\t<div class=\"vc_col-sm-6  wpb_column vc_column_container   list-none    text-align-none  text-rp-left\"><div class=\"vc_column-inner\">\n\t\n\t\t<div class=\"wpb_wrapper\">\n\t\t\t<div class=\"vc_empty_space\"   style=\"height: 40px\"><span class=\"vc_empty_space_inner\"><\/span><\/div><h3 style=\"color: #744f28;text-align: left;font-family:PT Sans Caption;font-weight:400;font-style:normal\" class=\"vc_custom_heading\"><span style=\"letter-spacing: 0em;\">EYGL\u00d3 BJ\u00d6RK \u00d3LAFSD\u00d3TTIR<\/span><\/h3>\n\t<div class=\"wpb_text_column wpb_content_element\" >\n\t\t<div class=\"wpb_wrapper\">\n\t\t\t<p>Eygl\u00f3 Bj\u00f6rk \u00d3lafsd\u00f3ttir er vi\u00f0skiptafr\u00e6\u00f0ingur fr\u00e1 H\u00e1sk\u00f3la \u00cdslands og gekk til li\u00f0s vi\u00f0 M\u00f3\u00f0ur J\u00f6r\u00f0 \u00e1ri\u00f0 2010.\u00a0 H\u00fan hefur \u00e1ralanga reynslu af matv\u00f6rumarka\u00f0i h\u00e9r heima og erlendis. Eygl\u00f3 er einn af stofnendum Slow Food hreyfingarinnar \u00e1 \u00cdslandi og er forma\u00f0ur VOR\u00a0 sem er f\u00e9lag l\u00edfr\u00e6nna framlei\u00f0enda. Eygl\u00f3 er forma\u00f0ur fagr\u00e1\u00f0s \u00ed l\u00edfr\u00e6num landb\u00fana\u00f0i fr\u00e1 \u00e1rinu 2019.<\/p>\n\n\t\t<\/div>\n\t<\/div>\n<div class=\"vc_empty_space\"   style=\"height: 40px\"><span class=\"vc_empty_space_inner\"><\/span><\/div>\n\t\t<\/div> \n\t<\/div> \n<\/div>\n\t<div class=\"vc_col-sm-6  wpb_column vc_column_container   list-none    text-align-none  text-rp-left\"><div class=\"vc_column-inner\">\n\t\n\t\t<div class=\"wpb_wrapper\">\n\t\t\t<div class=\"vc_empty_space\"   style=\"height: 40px\"><span class=\"vc_empty_space_inner\"><\/span><\/div><h3 style=\"color: #744f28;text-align: left;font-family:PT Sans Caption;font-weight:400;font-style:normal\" class=\"vc_custom_heading\"><span style=\"letter-spacing: 0em;\">EYMUNDUR MAGN\u00daSSON<\/span><\/h3>\n\t<div class=\"wpb_text_column wpb_content_element\" >\n\t\t<div class=\"wpb_wrapper\">\n\t\t\t<p>Eymundur Magn\u00fasson er b\u00fafr\u00e6\u00f0ingur a\u00f0 mennt og \u00fatskrifa\u00f0ist fr\u00e1 Landb\u00fana\u00f0arh\u00e1sk\u00f3la \u00cdslands \u00e1 Hvanneyri \u00e1ri\u00f0 1973. A\u00f0 loknu n\u00e1mi starfa\u00f0i hann erlendis vi\u00f0 b\u00farekstur \u00ed Bretlandi, Sv\u00ed\u00fej\u00f3\u00f0 og Noregi. Eymundur h\u00f3f b\u00faskap \u00ed Vallanesi \u00e1ri\u00f0 1979 me\u00f0 fj\u00f6lskyldu sinni og lag\u00f0i fyrst stund \u00e1 k\u00faab\u00faskap og s\u00ed\u00f0ar gr\u00e6nmetis- og kornr\u00e6kt til manneldis fr\u00e1 \u00e1rinu 1985.<\/p>\n\n\t\t<\/div>\n\t<\/div>\n<div class=\"vc_empty_space\"   style=\"height: 40px\"><span class=\"vc_empty_space_inner\"><\/span><\/div>\n\t\t<\/div> \n\t<\/div> \n<\/div><\/div><\/div><div data-vc-full-width=\"true\" data-vc-full-width-init=\"false\" class=\"vc_row wpb_row vc_row-fluid bg-left-bottom vc_custom_1607343492740 column-same-height column-no-padding row-bg-overlay over_follow_initial background-images-overlay-fullwidth\"><div class=\"overlay-color\" style=\"background-color: #4a7729;opacity:50%;\"><\/div><div class=\"vc_column_wrapper clearfix\">\n\t<div class=\"vc_col-sm-12  wpb_column vc_column_container   list-none    text-align-none  text-rp-left\"><div class=\"vc_column-inner vc_custom_1607343482167\">\n\t\n\t\t<div class=\"wpb_wrapper\">\n\t\t\t<div class=\"vc_empty_space\"   style=\"height: 50px\"><span class=\"vc_empty_space_inner\"><\/span><\/div><h2 style=\"font-size: 17px;color: #450f02;line-height: 34PX;text-align: center;font-family:PT Sans;font-weight:400;font-style:italic\" class=\"vc_custom_heading\"><span style=\"letter-spacing: 0em;\">AWARDS<\/span><\/h2>\n\t<div class=\"wpb_text_column wpb_content_element\" >\n\t\t<div class=\"wpb_wrapper\">\n\t\t\t<p style=\"text-align: center;\">Our farm has received recognition for sustainable farming and product innovation<\/p>\n<p style=\"text-align: center;\">2004 \u2013 Eymundur Magn\u00fasson \u2013 Iceland\u2019s Agriculture award \u2013 for the use of Agroecology and forestry in farming<\/p>\n<p style=\"text-align: center;\">- 2011 \u2013 Eymundur Magn\u00fasson \u2013 The Order of the Falcon \u2013 the Knight\u2019s Cross  \u2013 given by the President of Iceland<\/p>\n<p style=\"text-align: center;\">- 2012 \u2013 Eymundur Magn\u00fasson \u2013 Nomination for the Nordic Council Nature and Environment Prize For his organic farm and planting shelterbelts with local varieties of trees which form the starting point for ecological systems where other plants thrive for 25 years. He has also provided human diversity: young volunteers from the WWOOF organisation have worked with him every year and created an international community that is loyal to the earth and learns respect for their surroundings.<\/p>\n<p style=\"text-align: center;\">- 2015 \u2013 M\u00f3\u00f0ir J\u00f6r\u00f0 \u2013 \u201cFj\u00f6reggi\u00f0\u201d food award \u2013 given by the Food and nutrition society of Iceland and the Federation of Icelandic industries<\/p>\n\n\t\t<\/div>\n\t<\/div>\n<div class=\"vc_empty_space\"   style=\"height: 40px\"><span class=\"vc_empty_space_inner\"><\/span><\/div>\n\t<div class=\"wpb_text_column wpb_content_element\" >\n\t\t<div class=\"wpb_wrapper\">\n\t\t\t<p style=\"text-align: center;\">2018 \u2013 Eymundur Magn\u00fasson, \u201cPremio Langhe Cerretto\u201d award given by the University of Gastronomic Sciences in Pollenzo, Italy  and the Cerretto winery in Langhe, Piedmont.  For planting forrest and shelterbelts and created feasible conditions for growing food in the Vallanes farm and with his work, contributed significantly towards sustainability in agriculture, protecting the environment and biodiversity.<\/p>\n\n\t\t<\/div>\n\t<\/div>\n<div class=\"vc_empty_space\"   style=\"height: 50px\"><span class=\"vc_empty_space_inner\"><\/span><\/div>\n\t\t<\/div> \n\t<\/div> \n<\/div><\/div><\/div><div class=\"vc_row-full-width\"><\/div><div data-vc-full-width=\"true\" data-vc-full-width-init=\"false\" data-vc-stretch-content=\"true\" class=\"vc_row wpb_row vc_row-fluid no-overlay vc_custom_1607344033730 custom-row-image-left\"><div class=\"vc_column_wrapper clearfix\">\n\t<div class=\"vc_col-sm-2  wpb_column vc_column_container   list-none    text-center  text-rp-left\"><div class=\"vc_column-inner\">\n\t\n\t\t<div class=\"wpb_wrapper\">\n\t\t\t\n\t\t<\/div> \n\t<\/div> \n<\/div>\n\t<div class=\"vc_col-sm-8  wpb_column vc_column_container   list-none    text-align-none  text-rp-left\"><div class=\"vc_column-inner\">\n\t\n\t\t<div class=\"wpb_wrapper\">\n\t\t\t<h2 style=\"color: #2d2926;text-align: center;font-family:PT Sans Caption;font-weight:400;font-style:normal\" class=\"custom-font-3 vc_custom_heading vc_custom_1606729669835\"><span style=\"letter-spacing: 0.035em;\">\u00deJ\u00d3NUSTA<\/span><\/h2><div class=\"vc_empty_space\"   style=\"height: 60px\"><span class=\"vc_empty_space_inner\"><\/span><\/div><div class=\"vc_row wpb_row vc_inner vc_row-fluid\"><div class=\"vc_column_wrapper clearfix\">\n\t<div class=\"vc_col-sm-3  wpb_column vc_column_container   list-none    text-center  text-rp-center\"><div class=\"vc_column-inner\">\n\t\n\t\t<div class=\"wpb_wrapper\">\n\t\t\t<div class=\"cms-button-wrapper\">\n\n    <a href=\"https:\/\/modirjord.is\/en\/upplifun\/\" class=\"btn btn-default\">\n                                                HEIMS\u00d3KNIR                    <\/a>\n<\/div>\n\t\t<\/div> \n\t<\/div> \n<\/div>\n\t<div class=\"vc_col-sm-3  wpb_column vc_column_container   list-none    text-center  text-rp-center\"><div class=\"vc_column-inner\">\n\t\n\t\t<div class=\"wpb_wrapper\">\n\t\t\t<div class=\"cms-button-wrapper\">\n\n    <a href=\"\/en\/veitingastadur\/\" class=\"btn btn-default\">\n                                                OUR CAF\u00c9                    <\/a>\n<\/div>\n\t\t<\/div> \n\t<\/div> \n<\/div>\n\t<div class=\"vc_col-sm-3  wpb_column vc_column_container   list-none    text-center  text-rp-center\"><div class=\"vc_column-inner\">\n\t\n\t\t<div class=\"wpb_wrapper\">\n\t\t\t<div class=\"cms-button-wrapper\">\n\n    <a href=\"\/en\/gisting\/\" class=\"btn btn-default\">\n                                                ACCOMODATION                    <\/a>\n<\/div>\n\t\t<\/div> \n\t<\/div> \n<\/div>\n\t<div class=\"vc_col-sm-3  wpb_column vc_column_container   list-none    text-align-none  text-rp-left\"><div class=\"vc_column-inner\">\n\t\n\t\t<div class=\"wpb_wrapper\">\n\t\t\t<div class=\"cms-button-wrapper\">\n\n    <a href=\"https:\/\/modirjord.is\/en\/frettir\/\" class=\"btn btn-default\">\n                                                VI\u00d0BUR\u00d0IR                    <\/a>\n<\/div>\n\t\t<\/div> \n\t<\/div> \n<\/div><\/div><\/div>\n\t\t<\/div> \n\t<\/div> \n<\/div>\n\t<div class=\"vc_col-sm-2  wpb_column vc_column_container   list-none    text-align-none  text-rp-left\"><div class=\"vc_column-inner\">\n\t\n\t\t<div class=\"wpb_wrapper\">\n\t\t\t\n\t\t<\/div> \n\t<\/div> \n<\/div><\/div><\/div><div class=\"vc_row-full-width\"><\/div>\n<\/div>","protected":false},"excerpt":{"rendered":"M\u00f3\u00f0ir J\u00f6r\u00f0 ehf \u00ed Vallanesi \u00e1 Flj\u00f3tsdalsh\u00e9ra\u00f0i er fyrirt\u00e6ki \u00ed l\u00edfr\u00e6nni r\u00e6ktun og matv\u00e6laframlei\u00f0slu. Vi\u00f0 leggjum stund \u00e1 korn- og gr\u00e6nmetisr\u00e6ktun og framlei\u00f0um tilb\u00fanar hollustu- og s\u00e6lkerav\u00f6rur. Gr\u00e6nmetisveitingasta\u00f0ur og gistih\u00fas er starfr\u00e6kt fr\u00e1 ma\u00ed - september. M\u00f3\u00f0ir J\u00f6r\u00f0 er \u00ed eigu hj\u00f3nanna Eymundar Magn\u00fassonar og Eygl\u00f3ar Bjarkar \u00d3lafsd\u00f3ttur. L\u00cdFR\u00c6N R\u00c6KTUN \u00cd Vallanesi fer fram l\u00edfr\u00e6n [...]","protected":false},"author":1,"featured_media":0,"parent":0,"menu_order":0,"comment_status":"closed","ping_status":"closed","template":"","meta":{"footnotes":""},"class_list":["post-2913","page","type-page","status-publish","hentry"],"_links":{"self":[{"href":"https:\/\/modirjord.is\/en\/wp-json\/wp\/v2\/pages\/2913"}],"collection":[{"href":"https:\/\/modirjord.is\/en\/wp-json\/wp\/v2\/pages"}],"about":[{"href":"https:\/\/modirjord.is\/en\/wp-json\/wp\/v2\/types\/page"}],"author":[{"embeddable":true,"href":"https:\/\/modirjord.is\/en\/wp-json\/wp\/v2\/users\/1"}],"replies":[{"embeddable":true,"href":"https:\/\/modirjord.is\/en\/wp-json\/wp\/v2\/comments?post=2913"}],"version-history":[{"count":110,"href":"https:\/\/modirjord.is\/en\/wp-json\/wp\/v2\/pages\/2913\/revisions"}],"predecessor-version":[{"id":5476,"href":"https:\/\/modirjord.is\/en\/wp-json\/wp\/v2\/pages\/2913\/revisions\/5476"}],"wp:attachment":[{"href":"https:\/\/modirjord.is\/en\/wp-json\/wp\/v2\/media?parent=2913"}],"curies":[{"name":"wp","href":"https:\/\/api.w.org\/{rel}","templated":true}]}}